{"id":7828,"date":"2023-05-12T13:05:34","date_gmt":"2023-05-12T11:05:34","guid":{"rendered":"https:\/\/gcmediacion.com\/avis-legal\/"},"modified":"2023-08-01T13:33:13","modified_gmt":"2023-08-01T11:33:13","slug":"avis-legal","status":"publish","type":"page","link":"https:\/\/gcmediacion.com\/ca\/avis-legal\/","title":{"rendered":"Av\u00eds Legal"},"content":{"rendered":"\t\t<div data-elementor-type=\"wp-page\" data-elementor-id=\"7828\" class=\"elementor elementor-7828 elementor-18\" data-elementor-post-type=\"page\">\n\t\t\t\t<div class=\"elementor-element elementor-element-20ed991 e-flex e-con-boxed e-con e-parent\" data-id=\"20ed991\" data-element_type=\"container\" data-e-type=\"container\">\n\t\t\t\t\t<div class=\"e-con-inner\">\n\t\t\t\t<div class=\"elementor-element elementor-element-67b22fd elementor-widget elementor-widget-heading\" data-id=\"67b22fd\" data-element_type=\"widget\" data-e-type=\"widget\" data-widget_type=\"heading.default\">\n\t\t\t\t<div class=\"elementor-widget-container\">\n\t\t\t\t\t<h1 class=\"elementor-heading-title elementor-size-default\">Av\u00eds Legal<\/h1>\t\t\t\t<\/div>\n\t\t\t\t<\/div>\n\t\t\t\t\t<\/div>\n\t\t\t\t<\/div>\n\t\t<div class=\"elementor-element elementor-element-6b65876 e-flex e-con-boxed e-con e-parent\" data-id=\"6b65876\" data-element_type=\"container\" data-e-type=\"container\">\n\t\t\t\t\t<div class=\"e-con-inner\">\n\t\t<div class=\"elementor-element elementor-element-1772fec e-con-full e-flex e-con e-parent\" data-id=\"1772fec\" data-element_type=\"container\" data-e-type=\"container\">\n\t\t\t\t<div class=\"elementor-element elementor-element-e164fb9 elementor-widget elementor-widget-text-editor\" data-id=\"e164fb9\" data-element_type=\"widget\" data-e-type=\"widget\" data-widget_type=\"text-editor.default\">\n\t\t\t\t<div class=\"elementor-widget-container\">\n\t\t\t\t\t\t\t\t\t<p>En compliment amb el que estableix la Llei 34\/2002 d&#8217;11 de juliol, de Serveis de la Societat de la Informaci\u00f3 i el Comer\u00e7 Electr\u00f2nic (LSSICE), s&#8217;informa dels aspectes legals seg\u00fcents:<\/p>\n<h2>PROPIETAT DEL LLOC WEB<\/h2>\n<p>Titular del lloc web: Gl\u00f2ria Coll Canet \u2013 NIF\/DNI 47970657V<\/p>\n<p>Adre\u00e7a: Apt. correus n\u00fam. 5, 508349 Cabrera de Mar<\/p>\n<p>Contacte: Tel. 679 06 82 30\u2013 Email: gl\u00f2ria @ gcmediacion.com<\/p>\n<p>Activitat: mediaci\u00f3 i gesti\u00f3 de conflictes.<\/p>\n<h2>CONDICIONS GENERALS D&#8217;\u00daS<\/h2>\n<p>El portal web https:\/\/gcmediacion.com t\u00e9 com a objecte facilitar al p\u00fablic, en general, el coneixement de les activitats que aquesta organitzaci\u00f3 duu a terme i dels productes i serveis que presta, per al desenvolupament de la seva activitat.<\/p>\n<p>L&#8217;\u00fas de qualsevol de les funcionalitats del lloc web implica l&#8217;expressa i plena acceptaci\u00f3 de les condicions aqu\u00ed exposades, sens perjudici d&#8217;aquelles particulars que es puguin aplicar a alguns dels serveis concrets oferts a trav\u00e9s del lloc web.<\/p>\n<p>El titular del lloc web es reserva la facultat d&#8217;efectuar, en qualsevol moment i sense necessitat de previ av\u00eds, modificacions i actualitzacions de la informaci\u00f3 continguda a la seva Web oa la configuraci\u00f3 i presentaci\u00f3 d&#8217;aquesta.<\/p>\n<p>A fi de mantenir actualitzada la informaci\u00f3 publicada el portal Web, els continguts del mateix podran ser modificats, corregits, eliminats o afegits en qualsevol moment, per la qual cosa ser\u00e0 convenient comprovar-ne la vig\u00e8ncia o exactitud acudint a les fonts oficials.<\/p>\n<h2>PROPIETAT INTEL\u00b7LECTUAL, INDUSTRIAL I FRAMES<\/h2>\n<p>Tots els elements que formen el lloc web, aix\u00ed com la seva estructura, disseny, codi font, aix\u00ed com els logos, marques i altres signes distintius que hi apareixen, s\u00f3n titularitat de Gl\u00f2ria Coll Canet, GC Mediaci\u00f3 o dels seus col\u00b7laboradors i estan protegits pels corresponents drets de propietat intel\u00b7lectual i industrial.<\/p>\n<p>Igualment estan protegits pels corresponents drets de propietat intel\u00b7lectual i industrial les imatges i altres elements gr\u00e0fics continguts al lloc web.<\/p>\n<p>El titular del lloc web prohibeix expressament la realitzaci\u00f3 de \u201cframing\u201d o la utilitzaci\u00f3 per part de tercers de qualssevol altres mecanismes que alterin el disseny, configuraci\u00f3 original o continguts del nostre lloc web.<\/p>\n<p>L&#8217;\u00fas dels continguts haur\u00e0 de respectar-ne el llicenciament particular. De tal manera el seu \u00fas, reproducci\u00f3, distribuci\u00f3, comunicaci\u00f3 p\u00fablica, transformaci\u00f3 o qualsevol altra activitat similar o an\u00e0loga, queda totalment prohibida llevat que hi hagi pr\u00e8via i expressa autoritzaci\u00f3 del titular del lloc web GC Mediaci\u00f3.<\/p>\n<p>\u00danicament s&#8217;autoritza la reproducci\u00f3 total o parcial dels textos i continguts proporcionats pel lloc web, sempre que hi concorrin totes i cadascuna de les condicions seg\u00fcents:<\/p>\n<ul>\n<li>Es mantingui la integritat dels continguts, documents o gr\u00e0fics.<\/li>\n<li>Se citi expressament el titular del lloc web com a font i origen d&#8217;aquells.<\/li>\n<li>El prop\u00f2sit i la finalitat de tal \u00fas sigui compatible amb les finalitats de la web i\/o activitat del titular del lloc web.<\/li>\n<li>No es pretengui un \u00fas comercial, quedant expressament prohibides la seva distribuci\u00f3, comunicaci\u00f3 p\u00fablica, transformaci\u00f3 o descompilaci\u00f3<\/li>\n<li>Qualsevol altre \u00fas haur\u00e0 de ser comunicat i autoritzat pel titular del lloc web, pr\u00e8viament i expressament.<\/li>\n<\/ul>\n<p>Respecte a les cites de productes i serveis de tercers, el titular del lloc web reconeix a favor dels seus titulars els corresponents drets de propietat industrial i intel\u00b7lectual, no implicant la seva sola menci\u00f3 o aparici\u00f3 a la Web l&#8217;exist\u00e8ncia de drets ni de responsabilitat sobre aquests, com tampoc suport, patrocini o recomanaci\u00f3.<\/p>\n<p>El titular del lloc web declara el respecte als drets de propietat intel\u00b7lectual i industrial de tercers; per aix\u00f2, si considereu que el nostre lloc web poguessin estar violant els seus drets, preguem es posi en contacte amb el titular del lloc web.<\/p>\n<h2>RESPONSABILITAT<\/h2>\n<p>El titular del lloc web no garanteix la inexist\u00e8ncia d&#8217;errors en l&#8217;acc\u00e9s a la Web, en el seu contingut, ni que aquest estigui actualitzat, encara que el titular del lloc web desenvolupar\u00e0 els seus millors esfor\u00e7os per, si escau, evitar-los, esmenar-los o actualitzar-los .<\/p>\n<p>Tant l&#8217;acc\u00e9s al lloc web com l&#8217;\u00fas que es pugui fer de la informaci\u00f3 que cont\u00e9 \u00e9s de l&#8217;exclusiva responsabilitat de qui el realitza.<\/p>\n<p>El titular del lloc web no es fa responsable de la informaci\u00f3 i continguts emmagatzemats, a t\u00edtol enunciatiu per\u00f2 no limitatiu, en f\u00f2rums, xats, blocs, comentaris, xarxes socials o qualsevol altre mitj\u00e0 que permeti a tercers publicar continguts de la forma independent a la p\u00e0gina web https:\/\/ gcmediacion.com<\/p>\n<p>No obstant aix\u00f2, i en compliment del que disposa la LSSI, el titular del lloc web es posa a disposici\u00f3 de tots els usuaris, autoritats i forces de seguretat, i col\u00b7laborant de forma activa en la retirada o si \u00e9s el cas bloqueig de tots aquells continguts que puguin afectar o contravenir la legislaci\u00f3 nacional, o internacional, drets de tercers o la moral i l&#8217;ordre p\u00fablic. En cas que l&#8217;usuari consideri que hi ha al lloc web algun contingut que pogu\u00e9s ser susceptible d&#8217;aquesta classificaci\u00f3, preguem que us poseu en contacte amb el titular del lloc web.<\/p>\n<p>El titular del lloc web no es responsabilitza de les contestacions que es facin a trav\u00e9s de les diferents adreces de correu electr\u00f2nic que apareixen al seu lloc web, per la qual cosa en cap cas no se&#8217;n podr\u00e0 derivar efecte jur\u00eddic vinculant.<\/p>\n<h2>LINKS O HIPERENLLA\u00c7OS<\/h2>\n<p>Els enlla\u00e7os continguts al nostre lloc web poden adre\u00e7ar a continguts web de tercer. L&#8217;objectiu d&#8217;aquests enlla\u00e7os \u00e9s \u00fanicament facilitar-vos la cerca dels recursos que us puguin interessar a trav\u00e9s d&#8217;Internet. Aix\u00f2 no obstant, aquestes p\u00e0gines no pertanyen al titular del lloc web, ni fa una revisi\u00f3 dels seus continguts i, per aix\u00f2, el titular del lloc web no assumeix cap responsabilitat pel contingut, informacions o serveis que poguessin apar\u00e8ixer en aquests llocs, que tindran exclusivament car\u00e0cter informatiu i que en cap cas impliquen cap relaci\u00f3 entre el titular del lloc web i les persones o entitats titulars de tals continguts o titulars d&#8217;altres llocs on es trobin. El titular del lloc web tampoc no es pot fer responsable del funcionament de la p\u00e0gina enlla\u00e7ada o dels possibles danys que puguin derivar-se de l&#8217;acc\u00e9s o \u00fas de la mateixa.<\/p>\n<p>Els enlla\u00e7os al lloc web https:\/\/gcmediacion.com hauran de respectar les condicions seg\u00fcents:<\/p>\n<ul>\n<li>L\u00b4establiment de l\u00b4enlla\u00e7 no suposar\u00e0 cap tipus d\u00b4acord, contracte, patrocini ni recomanaci\u00f3 per part de GL\u00d2RIA COLL de la p\u00e0gina que realitza l\u00b4enlla\u00e7.<\/li>\n<li>La p\u00e0gina web on s&#8217;estableixi l&#8217;hiperenlla\u00e7 no contindr\u00e0 informacions amb continguts que siguin il\u00b7l\u00edcits, discriminatoris, contraris als principis \u00e8tics comunament acceptats o atemptin contra l&#8217;ordre p\u00fablic, aix\u00ed com tampoc contindr\u00e0 continguts contraris a qualsevol dret de tercers.<\/li>\n<li>El titular del lloc web podr\u00e0 sol\u00b7licitar que es retiri un enlla\u00e7 a la seva web, sense necessitat d&#8217;al\u00b7legar cap causa. En aquest cas, la p\u00e0gina que hagi realitzat lenlla\u00e7 haur\u00e0 de procedir a la seva immediata supressi\u00f3, tan aviat com rebi la notificaci\u00f3 del titular del lloc web.<\/li>\n<li>No es responsabilitza de cap manera ni garanteix la claredat, exactitud, fiabilitat, correcci\u00f3 o moralitat de continguts o serveis que l&#8217;establiment de l&#8217;hiperenlla\u00e7 pugui oferir. L&#8217;usuari assumeix sota la seva responsabilitat exclusiva les conseq\u00fc\u00e8ncies, danys o accions que es puguin derivar de l&#8217;acc\u00e9s a la p\u00e0gina web de l&#8217;hiperenlla\u00e7.<\/li>\n<li>La p\u00e0gina web on s&#8217;estableixi l&#8217;hiperenlla\u00e7 no pot contenir marca, denominaci\u00f3, logotip, esl\u00f2gan o altres signes distintius pertanyents al titular del lloc web excepte aquells signes que formen part del mateix hiperenlla\u00e7.<\/li>\n<\/ul>\n<h2>PROTECCI\u00d3 DE DADES PERSONALS<\/h2>\n<p>Per a aquells casos que es demanin, tractin o emmagatzemin dades personals, es far\u00e0 de conformitat amb la Pol\u00edtica de Privadesa publicada al Website i que pot consultar al peu o footer del lloc Web.<\/p>\n<h2>LLEI APLICABLE I JURISDICCI\u00d3<\/h2>\n<p>La llei aplicable en cas de disputa o conflicte dinterpretaci\u00f3 dels termes que conformen aquest Av\u00eds Legal, aix\u00ed com qualsevol q\u00fcesti\u00f3 relacionada amb els serveis del present Portal, ser\u00e0 la llei espanyola.<\/p>\n<p>Per a la resoluci\u00f3 de qualsevol conflicte que pugui sorgir en ocasi\u00f3 de la visita al lloc web o de l&#8217;\u00fas dels serveis que s&#8217;hi puguin oferir, el titular del lloc web i l&#8217;usuari acorden sotmetre&#8217;s als jutges i tribunals de domicili de l&#8217;usuari, sempre que aquest estigui situat en territori espanyol i actu\u00ef en condici\u00f3 de consumidor. En cas contrari, la submissi\u00f3 ser\u00e0 als jutjats i als tribunals de la ciutat de Barcelona, Espanya.<\/p>\n<h2>Informaci\u00f3 per a una correcta visualitzaci\u00f3<\/h2>\n<ul>\n<li>Les resolucions permeses, \u00f2ptimes i no suportades del Lloc Web s\u00f3n:\n<ul>\n<li><strong>Permeses<\/strong>\n<ul>\n<li>A partir de 1024&#215;768 px<\/li>\n<\/ul>\n<\/li>\n<li><strong>\u00d2ptimes<\/strong>\n<ul>\n<li>1024&#215;768 px<\/li>\n<li>1280&#215;1024 px<\/li>\n<\/ul>\n<\/li>\n<li><strong>No suportades<\/strong>\n<ul>\n<li>Igual o inferior de 800&#215;600 px<\/li>\n<\/ul>\n<\/li>\n<\/ul>\n<\/li>\n<li>A continuaci\u00f3 es recull una selecci\u00f3 de navegadors compatibles, m\u00e9s ben valorats i m\u00e9s utilitzats:\n<ul>\n<li>Google Chrome: Compatible<\/li>\n<li>Mozilla Firefox: A partir de la versi\u00f3 51<\/li>\n<li>Internet Explorer: A partir de la versi\u00f3 10<\/li>\n<li>Microsoft Edge: Compatible<\/li>\n<li>Opera: Compatible<\/li>\n<li>Safari Windows: No recomanable, obsolet (\u00faltima versi\u00f3 5.1.7 \u00e9s de Maig de 2012)<\/li>\n<li>Safari iOS: A partir de la versi\u00f3 12.1.2<\/li>\n<li>Vivaldi: Compatible<\/li>\n<li>Comode Dragon: Compatible<\/li>\n<li>Comode IceDrago: A partir de la versi\u00f3 51<\/li>\n<\/ul>\n<\/li>\n<\/ul>\n<p>Per a qualsevol navegador sempre es recomana utilitzar la darrera versi\u00f3, ja sigui perqu\u00e8 s&#8217;hi afegeixen noves caracter\u00edstiques o millores, per la correcci\u00f3 d&#8217;errors i, les versions antigues es queden sense suport.<\/p>\n<ul>\n<li style=\"list-style-type: none;\">\n<ul>\n<li>At\u00e8s que el Lloc Web compta amb els certificats HTTPS, la versi\u00f3 m\u00ednima suportada per als diferents sistemes operatius \u00e9s:\n<ul>\n<li><strong>Windows:<\/strong> tots els navegadors que s&#8217;executen sobre aquest sistema operatiu funcionen correctament (confien en el certificat arrel i per tant no mostren missatges d&#8217;alerta). Aix\u00f2 inclou Internet Explorer, Chrome&#8230;Per a Mozilla Firefox funciona correctament independentment del SO on s&#8217;estigui executant, a partir de la versi\u00f3 51 (des de gener de 2017).<\/li>\n<li><strong>Magatzem NSS<\/strong> versi\u00f3 3.28 i superiors: \u00e9s el magatzem que utilitza Linux. Qualsevol navegador que s&#8217;executi en aquest SO (llevat de versions que no s&#8217;hagin actualitzat per a aquest NSS v3.28) funcionen correctament (des de desembre del 2016).<\/li>\n<li><strong>Android:<\/strong> des de la versi\u00f3 8.X (OREO) (agost de 2017).<\/li>\n<li><strong>Clauer MAC\/IOS:<\/strong> des de la versi\u00f3 iOS 12, macOS 10.14 (Mojave), watchOS 5 i tvOS 12.<\/li>\n<li><strong>Acrobat:<\/strong> Certificats arrels i intermedis incorporats a Adobe des del 14\/10\/2015.<\/li>\n<\/ul>\n<\/li>\n<\/ul>\n<\/li>\n<\/ul>\n\t\t\t\t\t\t\t\t<\/div>\n\t\t\t\t<\/div>\n\t\t\t\t<\/div>\n\t\t\t\t\t<\/div>\n\t\t\t\t<\/div>\n\t\t\t\t<\/div>\n\t\t","protected":false},"excerpt":{"rendered":"<p>Av\u00eds Legal En compliment amb el que estableix la Llei 34\/2002 d&#8217;11 de juliol, de Serveis de la Societat de la Informaci\u00f3 i el Comer\u00e7 Electr\u00f2nic (LSSICE), s&#8217;informa dels aspectes legals seg\u00fcents: PROPIETAT DEL LLOC WEB Titular del lloc web: Gl\u00f2ria Coll Canet \u2013 NIF\/DNI 47970657V Adre\u00e7a: Apt. correus n\u00fam. 5, 508349 Cabrera de Mar &#8230; <a title=\"Av\u00eds Legal\" class=\"read-more\" href=\"https:\/\/gcmediacion.com\/ca\/avis-legal\/\" aria-label=\"M\u00e9s informaci\u00f3 sobre Av\u00eds Legal\">Read more<\/a><\/p>\n","protected":false},"author":1,"featured_media":0,"parent":0,"menu_order":0,"comment_status":"closed","ping_status":"closed","template":"","meta":{"footnotes":""},"class_list":["post-7828","page","type-page","status-publish"],"_links":{"self":[{"href":"https:\/\/gcmediacion.com\/ca\/wp-json\/wp\/v2\/pages\/7828","targetHints":{"allow":["GET"]}}],"collection":[{"href":"https:\/\/gcmediacion.com\/ca\/wp-json\/wp\/v2\/pages"}],"about":[{"href":"https:\/\/gcmediacion.com\/ca\/wp-json\/wp\/v2\/types\/page"}],"author":[{"embeddable":true,"href":"https:\/\/gcmediacion.com\/ca\/wp-json\/wp\/v2\/users\/1"}],"replies":[{"embeddable":true,"href":"https:\/\/gcmediacion.com\/ca\/wp-json\/wp\/v2\/comments?post=7828"}],"version-history":[{"count":0,"href":"https:\/\/gcmediacion.com\/ca\/wp-json\/wp\/v2\/pages\/7828\/revisions"}],"wp:attachment":[{"href":"https:\/\/gcmediacion.com\/ca\/wp-json\/wp\/v2\/media?parent=7828"}],"curies":[{"name":"wp","href":"https:\/\/api.w.org\/{rel}","templated":true}]}}